{"id":4,"date":"2018-09-18T15:24:01","date_gmt":"2018-09-18T13:24:01","guid":{"rendered":"https:\/\/www.bds-bayern.de\/bezirkmuenchen\/startseite\/"},"modified":"2022-02-22T21:43:53","modified_gmt":"2022-02-22T20:43:53","slug":"startseite","status":"publish","type":"page","link":"https:\/\/www.bds-bayern.de\/bezirkmuenchen\/","title":{"rendered":"Startseite"},"content":{"rendered":"<div class=\"wpb-content-wrapper\"><p>[vc_row full_width=&#8220;stretch_row&#8220; content_placement=&#8220;middle&#8220; bg_type=&#8220;bg_color&#8220; bg_color_value=&#8220;#0072b5&#8243;][vc_column][vc_column_text]<\/p>\n<h3 style=\"text-align: center;color: #fff\">Herzlich Willkommen &#8211; Sehen Sie hier unsere Top News und Veranstaltungen!<\/h3>\n<p>[\/vc_column_text]<div class=\"dt-shortcode with-isotope\"><div class=\"wf-container dt-blog-shortcode vertical-fancy-style loading-effect-fade-in iso-grid bg-under-post description-under-image content-align-left\" data-padding=\"20px\" data-cur-page=\"1\" data-posts-per-page=\"-1\" data-width=\"370px\" data-columns=\"3\">\n<div class=\"wf-cell\" data-post-id=\"1282\" data-date=\"2025-07-02T15:07:23+02:00\" data-name=\"BDS-Verbandstagung 27. &amp; 28.06.2025: Zusammenwachsen \u2013 Zusammen wachsen\">\n\t<article class=\"post post-1282 type-post status-publish format-standard has-post-thumbnail hentry category-allgemein category-bds-intern category-news category-1 category-25 category-13 bg-on description-off\">\n\n\t\t\n\t\t\t<div class=\"blog-media wf-td\">\n\n\t\t\t\t<p><a href=\"https:\/\/www.bds-bayern.de\/bezirkmuenchen\/bds-verbandstagung-27-28-06-2025-zusammenwachsen-zusammen-wachsen\/\" class=\"alignnone rollover layzr-bg\" ><img fetchpriority=\"high\" decoding=\"async\" class=\"preload-me iso-lazy-load aspect\" src=\"data:image\/svg+xml,%3Csvg%20xmlns%3D&#39;http%3A%2F%2Fwww.w3.org%2F2000%2Fsvg&#39;%20viewBox%3D&#39;0%200%20555%20370&#39;%2F%3E\" data-src=\"https:\/\/www.bds-bayern.de\/bezirkmuenchen\/wp-content\/uploads\/sites\/11\/2025\/07\/BDS-Verbandstagung-555x370.webp\" data-srcset=\"https:\/\/www.bds-bayern.de\/bezirkmuenchen\/wp-content\/uploads\/sites\/11\/2025\/07\/BDS-Verbandstagung-555x370.webp 555w, https:\/\/www.bds-bayern.de\/bezirkmuenchen\/wp-content\/uploads\/sites\/11\/2025\/07\/BDS-Verbandstagung.webp 799w\" loading=\"eager\" style=\"--ratio: 555 \/ 370\" sizes=\"(max-width: 555px) 100vw, 555px\" alt=\"\" title=\"BDS-Verbandstagung\" width=\"555\" height=\"370\"  \/><\/a><\/p>\n\t\t\t<\/div>\n\n\t\t\n\t\t<div class=\"blog-content wf-td\">\n\t\t\t<h3 class=\"entry-title\"><a href=\"https:\/\/www.bds-bayern.de\/bezirkmuenchen\/bds-verbandstagung-27-28-06-2025-zusammenwachsen-zusammen-wachsen\/\" title=\"BDS-Verbandstagung 27. &#038; 28.06.2025: Zusammenwachsen \u2013 Zusammen wachsen\" rel=\"bookmark\">BDS-Verbandstagung 27. &#038; 28.06.2025: Zusammenwachsen \u2013 Zusammen wachsen<\/a><\/h3>\n\n\t\t\t\n<a href=\"https:\/\/www.bds-bayern.de\/bezirkmuenchen\/bds-verbandstagung-27-28-06-2025-zusammenwachsen-zusammen-wachsen\/\" class=\"details more-link\" aria-label=\"Read more about BDS-Verbandstagung 27. &#038; 28.06.2025: Zusammenwachsen \u2013 Zusammen wachsen\">Details<\/a>\n\n\t\t<\/div>\n\n\t<\/article>\n\n<\/div>\n<div class=\"wf-cell\" data-post-id=\"1281\" data-date=\"2025-04-09T10:19:19+02:00\" data-name=\"KoalitionDesTuns - Neue Bundesregierung mit wichtigen Impulsen f\u00fcr den Mittelstand \u2013 entscheidend ist nun die Umsetzung\">\n\t<article class=\"post post-1281 type-post status-publish format-standard has-post-thumbnail hentry category-hauptgeschaeftsstelle category-politik category-presse-veroeffentlichungen category-pressemeldungen category-8 category-9 category-7 category-5 bg-on description-off\">\n\n\t\t\n\t\t\t<div class=\"blog-media wf-td\">\n\n\t\t\t\t<p><a href=\"https:\/\/www.bds-bayern.de\/bezirkmuenchen\/koalitiondestuns-neue-bundesregierung-mit-wichtigen-impulsen-fuer-den-mittelstand-entscheidend-ist-nun-die-umsetzung\/\" class=\"alignnone rollover layzr-bg\" ><img decoding=\"async\" class=\"preload-me iso-lazy-load aspect\" src=\"data:image\/svg+xml,%3Csvg%20xmlns%3D&#39;http%3A%2F%2Fwww.w3.org%2F2000%2Fsvg&#39;%20viewBox%3D&#39;0%200%20555%20370&#39;%2F%3E\" data-src=\"https:\/\/www.bds-bayern.de\/bezirkmuenchen\/wp-content\/uploads\/sites\/11\/2020\/08\/Seite01-5-555x370.jpg\" data-srcset=\"https:\/\/www.bds-bayern.de\/bezirkmuenchen\/wp-content\/uploads\/sites\/11\/2020\/08\/Seite01-5-555x370.jpg 555w, https:\/\/www.bds-bayern.de\/bezirkmuenchen\/wp-content\/uploads\/sites\/11\/2020\/08\/Seite01-5-1110x740.jpg 1110w\" loading=\"eager\" style=\"--ratio: 555 \/ 370\" sizes=\"(max-width: 555px) 100vw, 555px\" alt=\"\" title=\"Seite01\" width=\"555\" height=\"370\"  \/><\/a><\/p>\n\t\t\t<\/div>\n\n\t\t\n\t\t<div class=\"blog-content wf-td\">\n\t\t\t<h3 class=\"entry-title\"><a href=\"https:\/\/www.bds-bayern.de\/bezirkmuenchen\/koalitiondestuns-neue-bundesregierung-mit-wichtigen-impulsen-fuer-den-mittelstand-entscheidend-ist-nun-die-umsetzung\/\" title=\"KoalitionDesTuns &#8211; Neue Bundesregierung mit wichtigen Impulsen f\u00fcr den Mittelstand \u2013 entscheidend ist nun die Umsetzung\" rel=\"bookmark\">KoalitionDesTuns &#8211; Neue Bundesregierung mit wichtigen Impulsen f\u00fcr den Mittelstand \u2013 entscheidend ist nun die Umsetzung<\/a><\/h3>\n\n\t\t\t\n<a href=\"https:\/\/www.bds-bayern.de\/bezirkmuenchen\/koalitiondestuns-neue-bundesregierung-mit-wichtigen-impulsen-fuer-den-mittelstand-entscheidend-ist-nun-die-umsetzung\/\" class=\"details more-link\" aria-label=\"Read more about KoalitionDesTuns &#8211; Neue Bundesregierung mit wichtigen Impulsen f\u00fcr den Mittelstand \u2013 entscheidend ist nun die Umsetzung\">Details<\/a>\n\n\t\t<\/div>\n\n\t<\/article>\n\n<\/div>\n<div class=\"wf-cell\" data-post-id=\"1279\" data-date=\"2025-03-28T14:11:08+01:00\" data-name=\"B\u00fcrokratie-Frust? Der Bund der Selbst\u00e4ndigen h\u00f6rt zu!\">\n\t<article class=\"post post-1279 type-post status-publish format-standard has-post-thumbnail hentry category-allgemein category-1 bg-on description-off\">\n\n\t\t\n\t\t\t<div class=\"blog-media wf-td\">\n\n\t\t\t\t<p><a href=\"https:\/\/www.bds-bayern.de\/bezirkmuenchen\/buerokratie-frust-der-bund-der-selbstaendigen-hoert-zu\/\" class=\"alignnone rollover layzr-bg\" ><img decoding=\"async\" class=\"preload-me iso-lazy-load aspect\" src=\"data:image\/svg+xml,%3Csvg%20xmlns%3D&#39;http%3A%2F%2Fwww.w3.org%2F2000%2Fsvg&#39;%20viewBox%3D&#39;0%200%20555%20370&#39;%2F%3E\" data-src=\"https:\/\/www.bds-bayern.de\/bezirkmuenchen\/wp-content\/uploads\/sites\/11\/2025\/03\/kummerkasten-aktuelles-555x370.jpg\" data-srcset=\"https:\/\/www.bds-bayern.de\/bezirkmuenchen\/wp-content\/uploads\/sites\/11\/2025\/03\/kummerkasten-aktuelles-555x370.jpg 555w, https:\/\/www.bds-bayern.de\/bezirkmuenchen\/wp-content\/uploads\/sites\/11\/2025\/03\/kummerkasten-aktuelles.jpg 649w\" loading=\"eager\" style=\"--ratio: 555 \/ 370\" sizes=\"(max-width: 555px) 100vw, 555px\" alt=\"\" title=\"kummerkasten-aktuelles\" width=\"555\" height=\"370\"  \/><\/a><\/p>\n\t\t\t<\/div>\n\n\t\t\n\t\t<div class=\"blog-content wf-td\">\n\t\t\t<h3 class=\"entry-title\"><a href=\"https:\/\/www.bds-bayern.de\/bezirkmuenchen\/buerokratie-frust-der-bund-der-selbstaendigen-hoert-zu\/\" title=\"B\u00fcrokratie-Frust? Der Bund der Selbst\u00e4ndigen h\u00f6rt zu!\" rel=\"bookmark\">B\u00fcrokratie-Frust? Der Bund der Selbst\u00e4ndigen h\u00f6rt zu!<\/a><\/h3>\n\n\t\t\t\n<a href=\"https:\/\/www.bds-bayern.de\/bezirkmuenchen\/buerokratie-frust-der-bund-der-selbstaendigen-hoert-zu\/\" class=\"details more-link\" aria-label=\"Read more about B\u00fcrokratie-Frust? Der Bund der Selbst\u00e4ndigen h\u00f6rt zu!\">Details<\/a>\n\n\t\t<\/div>\n\n\t<\/article>\n\n<\/div><\/div><\/div>[vc_row_inner][vc_column_inner][vc_empty_space][\/vc_column_inner][\/vc_row_inner][vc_row_inner][vc_column_inner width=&#8220;1\/2&#8243;][vc_column_text]<\/p>\n<h3 style=\"text-align: center;color: #fff\">Profitieren Sie von den Vorteilen!<\/h3>\n<p>[\/vc_column_text][vc_btn title=&#8220;Mitglied werden&#8220; style=&#8220;outline&#8220; color=&#8220;white&#8220; size=&#8220;lg&#8220; align=&#8220;center&#8220; i_icon_fontawesome=&#8220;fas fa-users&#8220; add_icon=&#8220;true&#8220; link=&#8220;url:https%3A%2F%2Fwww.bds-bayern.de%2Fbds-bayern%2Fmitglied-werden%2F||target:%20_blank|&#8220;][\/vc_column_inner][vc_column_inner width=&#8220;1\/2&#8243;][vc_column_text]<\/p>\n<h3 style=\"text-align: center;color: #fff\">Lernen Sie uns vor Ort kennen!<\/h3>\n<p>[\/vc_column_text][vc_btn title=&#8220;Veranstaltungen&#8220; style=&#8220;outline&#8220; color=&#8220;white&#8220; size=&#8220;lg&#8220; align=&#8220;center&#8220; i_icon_fontawesome=&#8220;far fa-calendar&#8220; add_icon=&#8220;true&#8220; link=&#8220;url:https%3A%2F%2Fwww.bds-bayern.de%2Fbezirkmuenchen%2Fveranstaltungen%2F|||&#8220;][\/vc_column_inner][\/vc_row_inner][vc_empty_space]<!-- EventON Calendar --><div id='evcal_calendar_555' class='ajde_evcal_calendar sev cev color esty_2 etttc_custom ajax_loading_cal' data-cal=''><div id='evcal_head' class='calendar_header ' ><div class='evo_cal_above evodfx evofx_dr_r marb5 evofx_ww'><span class='cal_head_btn evo-gototoday-btn' style='' data-mo='4' data-yr='2026' data-dy=''>Aktueller Monat<\/span><\/div><div class='evo_cal_above_content'><\/div><div class='evo_header_title '><div class='evo_header_mo evodfx evofx_ai_c'><div class='evo_loading_bar_holder h100 noMinH swipe' style=''><div class='evo_loading_bar wid_80% hi_40px' style='width:80%; height:40px; '><\/div><\/div><\/div><\/div><\/div><div id='eventon_loadbar_section'><div id='eventon_loadbar'><\/div><\/div><!-- Events List --><div class='evo_events_list_box'><div id='evcal_list' class='eventon_events_list '><div class='evo_loading_bar_holder h100 loading_e swipe' style=''><div class='nest nest1 e'><div class='nesthold r g10'><div class='nest nest2 e1'><div class='evo_loading_bar wid_100px hi_95px' style='width:100px; height:95px; '><\/div><\/div><div class='nest nest2 e2'><div class='evo_loading_bar wid_50% hi_55px' style='width:50%; height:55px; '><\/div><div class='evo_loading_bar wid_90% hi_30px' style='width:90%; height:30px; '><\/div><\/div><\/div><\/div><div class='nest nest1 e'><div class='nesthold r g10'><div class='nest nest2 e1'><div class='evo_loading_bar wid_100px hi_95px' style='width:100px; height:95px; '><\/div><\/div><div class='nest nest2 e2'><div class='evo_loading_bar wid_50% hi_55px' style='width:50%; height:55px; '><\/div><div class='evo_loading_bar wid_90% hi_30px' style='width:90%; height:30px; '><\/div><\/div><\/div><\/div><div class='nest nest1 e'><div class='nesthold r g10'><div class='nest nest2 e1'><div class='evo_loading_bar wid_100px hi_95px' style='width:100px; height:95px; '><\/div><\/div><div class='nest nest2 e2'><div class='evo_loading_bar wid_50% hi_55px' style='width:50%; height:55px; '><\/div><div class='evo_loading_bar wid_90% hi_30px' style='width:90%; height:30px; '><\/div><\/div><\/div><\/div><\/div>\t\t\t<\/div>\r\n\t\t\t<\/div><!-- evo_events_list_box -->\t\r\n\t\t\t<div class='clear'><\/div>\r\n\t\t\t\t\t \t<div id='evcal_footer' class='evo_bottom' style='display:none'>\r\n\t\t \t\t<div class='evo_cal_data' data-sc=\"{&quot;accord&quot;:&quot;no&quot;,&quot;bottom_nav&quot;:&quot;no&quot;,&quot;cal_id&quot;:&quot;&quot;,&quot;cal_init_nonajax&quot;:&quot;no&quot;,&quot;calendar_type&quot;:&quot;default&quot;,&quot;currentuser&quot;:&quot;no&quot;,&quot;ep_fields&quot;:&quot;&quot;,&quot;etc_override&quot;:&quot;no&quot;,&quot;evc_open&quot;:&quot;no&quot;,&quot;event_count&quot;:0,&quot;event_location&quot;:&quot;all&quot;,&quot;event_order&quot;:&quot;ASC&quot;,&quot;event_organizer&quot;:&quot;all&quot;,&quot;event_parts&quot;:&quot;no&quot;,&quot;event_past_future&quot;:&quot;future&quot;,&quot;event_status&quot;:&quot;all&quot;,&quot;event_tag&quot;:&quot;all&quot;,&quot;event_type&quot;:&quot;all&quot;,&quot;event_type_2&quot;:&quot;all&quot;,&quot;event_users&quot;:&quot;all&quot;,&quot;event_virtual&quot;:&quot;all&quot;,&quot;eventtop_date_style&quot;:0,&quot;eventtop_style&quot;:&quot;2&quot;,&quot;exp_jumper&quot;:&quot;no&quot;,&quot;exp_so&quot;:&quot;no&quot;,&quot;filter_relationship&quot;:&quot;AND&quot;,&quot;filter_show_set_only&quot;:&quot;no&quot;,&quot;filter_style&quot;:&quot;default&quot;,&quot;filter_type&quot;:&quot;default&quot;,&quot;filters&quot;:&quot;yes&quot;,&quot;fixed_month&quot;:&quot;4&quot;,&quot;fixed_year&quot;:&quot;2026&quot;,&quot;focus_end_date_range&quot;:&quot;1777633199&quot;,&quot;focus_start_date_range&quot;:&quot;1775041200&quot;,&quot;ft_event_priority&quot;:&quot;no&quot;,&quot;hide_arrows&quot;:&quot;no&quot;,&quot;hide_cancels&quot;:&quot;no&quot;,&quot;hide_empty_months&quot;:&quot;no&quot;,&quot;hide_end_time&quot;:&quot;no&quot;,&quot;hide_et_dn&quot;:&quot;no&quot;,&quot;hide_et_extra&quot;:&quot;no&quot;,&quot;hide_et_tags&quot;:&quot;no&quot;,&quot;hide_et_tl&quot;:&quot;no&quot;,&quot;hide_ft&quot;:&quot;no&quot;,&quot;hide_ft_img&quot;:&quot;no&quot;,&quot;hide_month_headers&quot;:&quot;no&quot;,&quot;hide_mult_occur&quot;:&quot;no&quot;,&quot;hide_past&quot;:&quot;yes&quot;,&quot;hide_past_by&quot;:&quot;ee&quot;,&quot;hide_so&quot;:&quot;no&quot;,&quot;ics&quot;:&quot;no&quot;,&quot;jumper&quot;:&quot;no&quot;,&quot;jumper_count&quot;:5,&quot;jumper_offset&quot;:&quot;0&quot;,&quot;lang&quot;:&quot;L1&quot;,&quot;layout_changer&quot;:&quot;no&quot;,&quot;livenow_bar&quot;:&quot;yes&quot;,&quot;mapformat&quot;:&quot;roadmap&quot;,&quot;mapiconurl&quot;:&quot;&quot;,&quot;maps_load&quot;:&quot;no&quot;,&quot;mapscroll&quot;:&quot;true&quot;,&quot;mapzoom&quot;:&quot;18&quot;,&quot;members_only&quot;:&quot;no&quot;,&quot;ml_priority&quot;:&quot;no&quot;,&quot;ml_toend&quot;:&quot;no&quot;,&quot;month_incre&quot;:0,&quot;number_of_months&quot;:&quot;1&quot;,&quot;only_ft&quot;:&quot;no&quot;,&quot;pec&quot;:&quot;&quot;,&quot;s&quot;:&quot;&quot;,&quot;search&quot;:&quot;&quot;,&quot;search_all&quot;:&quot;no&quot;,&quot;sep_month&quot;:&quot;no&quot;,&quot;show_et_ft_img&quot;:&quot;yes&quot;,&quot;show_limit&quot;:&quot;no&quot;,&quot;show_limit_ajax&quot;:&quot;no&quot;,&quot;show_limit_paged&quot;:1,&quot;show_limit_redir&quot;:&quot;&quot;,&quot;show_repeats&quot;:&quot;no&quot;,&quot;show_search&quot;:&quot;no&quot;,&quot;show_upcoming&quot;:0,&quot;show_year&quot;:&quot;no&quot;,&quot;social_share&quot;:&quot;no&quot;,&quot;sort_by&quot;:&quot;sort_date&quot;,&quot;tile_bg&quot;:0,&quot;tile_bg_size&quot;:&quot;full&quot;,&quot;tile_count&quot;:2,&quot;tile_height&quot;:0,&quot;tile_style&quot;:0,&quot;tiles&quot;:&quot;no&quot;,&quot;users&quot;:&quot;all&quot;,&quot;ux_val&quot;:&quot;0&quot;,&quot;view_switcher&quot;:&quot;no&quot;,&quot;wpml_l1&quot;:&quot;&quot;,&quot;wpml_l2&quot;:&quot;&quot;,&quot;wpml_l3&quot;:&quot;&quot;,&quot;yl_priority&quot;:&quot;no&quot;,&quot;yl_toend&quot;:&quot;no&quot;,&quot;fixed_day&quot;:&quot;29&quot;,&quot;_cver&quot;:&quot;4.9.10&quot;}\" data-filter_data=\"[]\" data-nav_data=\"{&quot;month_title&quot;:&quot;&lt;p id=&#039;evcal_cur&#039; class=&#039;evo_month_title padr10&#039;&gt; April, 2026&lt;\\\/p&gt;&quot;,&quot;arrows&quot;:&quot;&lt;p class=&#039;evo_arrows&#039;&gt;\\r\\n\\t\\t\\t\\t\\t&lt;span id=&#039;evcal_prev&#039; class=&#039;evcal_arrows evcal_btn_prev evodfx evofx_jc_c evofx_ai_c&#039; &gt;&lt;i class=&#039;fa fa-chevron-left&#039;&gt;&lt;\\\/i&gt;&lt;\\\/span&gt;\\r\\n\\t\\t\\t\\t\\t&lt;span id=&#039;evcal_next&#039; class=&#039;evcal_arrows evo_arrow_next evcal_btn_next evodfx evofx_jc_c evofx_ai_c&#039; &gt;&lt;i class=&#039;fa fa-chevron-right&#039;&gt;&lt;\\\/i&gt;&lt;\\\/span&gt;\\r\\n\\t\\t\\t\\t\\t&lt;\\\/p&gt;&quot;}\" data-od=\"{&quot;lang_no_events&quot;:&quot;No Events&quot;,&quot;cal_tz_offset&quot;:-660,&quot;cal_tz&quot;:&quot;Pacific\\\/Midway&quot;}\" ><\/div>\r\n\t\t \t\t<div class='evo_cal_events' data-events=\"\"><\/div>\r\n\t\t \t<\/div>\r\n\t\t\t\t\r\n\t\t\t\r\n\t\t\t\t\t\t<\/div><!-- EventON End -->\r\n\t\t\t[vc_video link=&#8220;https:\/\/youtube.com\/playlist?list=PLNVKm_Gp50aflS0opBzLBESC0ujYWeHwn&#8220; el_width=&#8220;70&#8243; align=&#8220;center&#8220; css_animation=&#8220;bounceIn&#8220; title=&#8220;BDS TV&#8220;][vc_btn title=&#8220;BDS TV&#8220; style=&#8220;outline&#8220; color=&#8220;white&#8220; size=&#8220;lg&#8220; align=&#8220;center&#8220; i_icon_fontawesome=&#8220;fas fa-tv&#8220; css_animation=&#8220;bounceIn&#8220; add_icon=&#8220;true&#8220; link=&#8220;url:https%3A%2F%2Fwww.bds-bayern.de%2Fbezirkmuenchen%2Fbds-muenchen-business-tv%2F|title:BDS%20M%C3%BCnchen%20Business%20TV&#8220;][\/vc_column][\/vc_row][vc_row][vc_column][vc_column_text]<\/p>\n<h1>Willkommen beim Bezirksverband M\u00fcnchen<\/h1>\n<p>[\/vc_column_text][\/vc_column][\/vc_row][vc_row][vc_column width=&#8220;5\/6&#8243; offset=&#8220;vc_col-md-11&#8243;][vc_row_inner][vc_column_inner][\/vc_column_inner][\/vc_row_inner][vc_column_text]<span style=\"text-align: justify;color: #85868c;text-transform: none;text-indent: 0px;letter-spacing: normal;font-family: 'Open Sans', Helvetica, Arial, Verdana, sans-serif;font-size: 15px;font-style: normal;font-weight: 300;float: none;background-color: #ffffff\">Seit 1874 vertritt der BDS Bayern die Interessen des selbst\u00e4ndigen Mittelstandes. Parteineutral, branchen\u00fcbergreifend und unabh\u00e4ngig. In Europa, Deutschland, Bayern und vor Ort. Das lebendige Netzwerk der Unternehmen und Selbst\u00e4ndigen sowie das Dienstleistungsangebot des BDS Bayern leisten dar\u00fcber hinaus ihren Beitrag f\u00fcr den unternehmerischen Erfolg unserer Mitglieder. Der Bezirksverband M\u00fcnchen ist der einzige Verband in seiner Form innerhalb des BDS Bayern, der den Status Ortsverband und Bezirksverband in sich vereint.<\/span>[\/vc_column_text][\/vc_column][vc_column width=&#8220;1\/6&#8243;][\/vc_column][\/vc_row][vc_row][vc_column width=&#8220;1\/2&#8243;][vc_row_inner][vc_column_inner][\/vc_column_inner][\/vc_row_inner][\/vc_column][\/vc_row][vc_row][vc_column][vc_column_text]<\/p>\n<h1>Weitere aktuelle Meldungen<\/h1>\n<p>[\/vc_column_text][vc_row_inner][vc_column_inner]<div class=\"dt-shortcode with-isotope\"><div class=\"wf-container dt-blog-shortcode vertical-fancy-style loading-effect-fade-in iso-grid bg-under-post description-under-image content-align-left\" data-padding=\"20px\" data-cur-page=\"1\" data-posts-per-page=\"-1\" data-width=\"370px\" data-columns=\"3\">\n<div class=\"wf-cell\" data-post-id=\"1282\" data-date=\"2025-07-02T15:07:23+02:00\" data-name=\"BDS-Verbandstagung 27. &amp; 28.06.2025: Zusammenwachsen \u2013 Zusammen wachsen\">\n\t<article class=\"post post-1282 type-post status-publish format-standard has-post-thumbnail hentry category-allgemein category-bds-intern category-news category-1 category-25 category-13 bg-on description-off\">\n\n\t\t\n\t\t\t<div class=\"blog-media wf-td\">\n\n\t\t\t\t<p><a href=\"https:\/\/www.bds-bayern.de\/bezirkmuenchen\/bds-verbandstagung-27-28-06-2025-zusammenwachsen-zusammen-wachsen\/\" class=\"alignnone rollover layzr-bg\" ><img fetchpriority=\"high\" decoding=\"async\" class=\"preload-me iso-lazy-load aspect\" src=\"data:image\/svg+xml,%3Csvg%20xmlns%3D&#39;http%3A%2F%2Fwww.w3.org%2F2000%2Fsvg&#39;%20viewBox%3D&#39;0%200%20555%20370&#39;%2F%3E\" data-src=\"https:\/\/www.bds-bayern.de\/bezirkmuenchen\/wp-content\/uploads\/sites\/11\/2025\/07\/BDS-Verbandstagung-555x370.webp\" data-srcset=\"https:\/\/www.bds-bayern.de\/bezirkmuenchen\/wp-content\/uploads\/sites\/11\/2025\/07\/BDS-Verbandstagung-555x370.webp 555w, https:\/\/www.bds-bayern.de\/bezirkmuenchen\/wp-content\/uploads\/sites\/11\/2025\/07\/BDS-Verbandstagung.webp 799w\" loading=\"eager\" style=\"--ratio: 555 \/ 370\" sizes=\"(max-width: 555px) 100vw, 555px\" alt=\"\" title=\"BDS-Verbandstagung\" width=\"555\" height=\"370\"  \/><\/a><\/p>\n\t\t\t<\/div>\n\n\t\t\n\t\t<div class=\"blog-content wf-td\">\n\t\t\t<h3 class=\"entry-title\"><a href=\"https:\/\/www.bds-bayern.de\/bezirkmuenchen\/bds-verbandstagung-27-28-06-2025-zusammenwachsen-zusammen-wachsen\/\" title=\"BDS-Verbandstagung 27. &#038; 28.06.2025: Zusammenwachsen \u2013 Zusammen wachsen\" rel=\"bookmark\">BDS-Verbandstagung 27. &#038; 28.06.2025: Zusammenwachsen \u2013 Zusammen wachsen<\/a><\/h3>\n\n\t\t\t\n<a href=\"https:\/\/www.bds-bayern.de\/bezirkmuenchen\/bds-verbandstagung-27-28-06-2025-zusammenwachsen-zusammen-wachsen\/\" class=\"details more-link\" aria-label=\"Read more about BDS-Verbandstagung 27. &#038; 28.06.2025: Zusammenwachsen \u2013 Zusammen wachsen\">Details<\/a>\n\n\t\t<\/div>\n\n\t<\/article>\n\n<\/div>\n<div class=\"wf-cell\" data-post-id=\"1281\" data-date=\"2025-04-09T10:19:19+02:00\" data-name=\"KoalitionDesTuns - Neue Bundesregierung mit wichtigen Impulsen f\u00fcr den Mittelstand \u2013 entscheidend ist nun die Umsetzung\">\n\t<article class=\"post post-1281 type-post status-publish format-standard has-post-thumbnail hentry category-hauptgeschaeftsstelle category-politik category-presse-veroeffentlichungen category-pressemeldungen category-8 category-9 category-7 category-5 bg-on description-off\">\n\n\t\t\n\t\t\t<div class=\"blog-media wf-td\">\n\n\t\t\t\t<p><a href=\"https:\/\/www.bds-bayern.de\/bezirkmuenchen\/koalitiondestuns-neue-bundesregierung-mit-wichtigen-impulsen-fuer-den-mittelstand-entscheidend-ist-nun-die-umsetzung\/\" class=\"alignnone rollover layzr-bg\" ><img decoding=\"async\" class=\"preload-me iso-lazy-load aspect\" src=\"data:image\/svg+xml,%3Csvg%20xmlns%3D&#39;http%3A%2F%2Fwww.w3.org%2F2000%2Fsvg&#39;%20viewBox%3D&#39;0%200%20555%20370&#39;%2F%3E\" data-src=\"https:\/\/www.bds-bayern.de\/bezirkmuenchen\/wp-content\/uploads\/sites\/11\/2020\/08\/Seite01-5-555x370.jpg\" data-srcset=\"https:\/\/www.bds-bayern.de\/bezirkmuenchen\/wp-content\/uploads\/sites\/11\/2020\/08\/Seite01-5-555x370.jpg 555w, https:\/\/www.bds-bayern.de\/bezirkmuenchen\/wp-content\/uploads\/sites\/11\/2020\/08\/Seite01-5-1110x740.jpg 1110w\" loading=\"eager\" style=\"--ratio: 555 \/ 370\" sizes=\"(max-width: 555px) 100vw, 555px\" alt=\"\" title=\"Seite01\" width=\"555\" height=\"370\"  \/><\/a><\/p>\n\t\t\t<\/div>\n\n\t\t\n\t\t<div class=\"blog-content wf-td\">\n\t\t\t<h3 class=\"entry-title\"><a href=\"https:\/\/www.bds-bayern.de\/bezirkmuenchen\/koalitiondestuns-neue-bundesregierung-mit-wichtigen-impulsen-fuer-den-mittelstand-entscheidend-ist-nun-die-umsetzung\/\" title=\"KoalitionDesTuns &#8211; Neue Bundesregierung mit wichtigen Impulsen f\u00fcr den Mittelstand \u2013 entscheidend ist nun die Umsetzung\" rel=\"bookmark\">KoalitionDesTuns &#8211; Neue Bundesregierung mit wichtigen Impulsen f\u00fcr den Mittelstand \u2013 entscheidend ist nun die Umsetzung<\/a><\/h3>\n\n\t\t\t\n<a href=\"https:\/\/www.bds-bayern.de\/bezirkmuenchen\/koalitiondestuns-neue-bundesregierung-mit-wichtigen-impulsen-fuer-den-mittelstand-entscheidend-ist-nun-die-umsetzung\/\" class=\"details more-link\" aria-label=\"Read more about KoalitionDesTuns &#8211; Neue Bundesregierung mit wichtigen Impulsen f\u00fcr den Mittelstand \u2013 entscheidend ist nun die Umsetzung\">Details<\/a>\n\n\t\t<\/div>\n\n\t<\/article>\n\n<\/div>\n<div class=\"wf-cell\" data-post-id=\"1279\" data-date=\"2025-03-28T14:11:08+01:00\" data-name=\"B\u00fcrokratie-Frust? Der Bund der Selbst\u00e4ndigen h\u00f6rt zu!\">\n\t<article class=\"post post-1279 type-post status-publish format-standard has-post-thumbnail hentry category-allgemein category-1 bg-on description-off\">\n\n\t\t\n\t\t\t<div class=\"blog-media wf-td\">\n\n\t\t\t\t<p><a href=\"https:\/\/www.bds-bayern.de\/bezirkmuenchen\/buerokratie-frust-der-bund-der-selbstaendigen-hoert-zu\/\" class=\"alignnone rollover layzr-bg\" ><img decoding=\"async\" class=\"preload-me iso-lazy-load aspect\" src=\"data:image\/svg+xml,%3Csvg%20xmlns%3D&#39;http%3A%2F%2Fwww.w3.org%2F2000%2Fsvg&#39;%20viewBox%3D&#39;0%200%20555%20370&#39;%2F%3E\" data-src=\"https:\/\/www.bds-bayern.de\/bezirkmuenchen\/wp-content\/uploads\/sites\/11\/2025\/03\/kummerkasten-aktuelles-555x370.jpg\" data-srcset=\"https:\/\/www.bds-bayern.de\/bezirkmuenchen\/wp-content\/uploads\/sites\/11\/2025\/03\/kummerkasten-aktuelles-555x370.jpg 555w, https:\/\/www.bds-bayern.de\/bezirkmuenchen\/wp-content\/uploads\/sites\/11\/2025\/03\/kummerkasten-aktuelles.jpg 649w\" loading=\"eager\" style=\"--ratio: 555 \/ 370\" sizes=\"(max-width: 555px) 100vw, 555px\" alt=\"\" title=\"kummerkasten-aktuelles\" width=\"555\" height=\"370\"  \/><\/a><\/p>\n\t\t\t<\/div>\n\n\t\t\n\t\t<div class=\"blog-content wf-td\">\n\t\t\t<h3 class=\"entry-title\"><a href=\"https:\/\/www.bds-bayern.de\/bezirkmuenchen\/buerokratie-frust-der-bund-der-selbstaendigen-hoert-zu\/\" title=\"B\u00fcrokratie-Frust? Der Bund der Selbst\u00e4ndigen h\u00f6rt zu!\" rel=\"bookmark\">B\u00fcrokratie-Frust? Der Bund der Selbst\u00e4ndigen h\u00f6rt zu!<\/a><\/h3>\n\n\t\t\t\n<a href=\"https:\/\/www.bds-bayern.de\/bezirkmuenchen\/buerokratie-frust-der-bund-der-selbstaendigen-hoert-zu\/\" class=\"details more-link\" aria-label=\"Read more about B\u00fcrokratie-Frust? Der Bund der Selbst\u00e4ndigen h\u00f6rt zu!\">Details<\/a>\n\n\t\t<\/div>\n\n\t<\/article>\n\n<\/div>\n<div class=\"wf-cell\" data-post-id=\"1277\" data-date=\"2025-02-25T09:13:47+01:00\" data-name=\"Information der vbw\">\n\t<article class=\"post post-1277 type-post status-publish format-standard has-post-thumbnail hentry category-allgemein category-1 bg-on description-off\">\n\n\t\t\n\t\t\t<div class=\"blog-media wf-td\">\n\n\t\t\t\t<p><a href=\"https:\/\/www.bds-bayern.de\/bezirkmuenchen\/information-der-vbw\/\" class=\"alignnone rollover layzr-bg\" ><img decoding=\"async\" class=\"preload-me iso-lazy-load aspect\" src=\"data:image\/svg+xml,%3Csvg%20xmlns%3D&#39;http%3A%2F%2Fwww.w3.org%2F2000%2Fsvg&#39;%20viewBox%3D&#39;0%200%20555%20370&#39;%2F%3E\" data-src=\"https:\/\/www.bds-bayern.de\/bezirkmuenchen\/wp-content\/uploads\/sites\/11\/2025\/03\/au-555x370.jpg\" data-srcset=\"https:\/\/www.bds-bayern.de\/bezirkmuenchen\/wp-content\/uploads\/sites\/11\/2025\/03\/au-555x370.jpg 555w, https:\/\/www.bds-bayern.de\/bezirkmuenchen\/wp-content\/uploads\/sites\/11\/2025\/03\/au.jpg 649w\" loading=\"eager\" style=\"--ratio: 555 \/ 370\" sizes=\"(max-width: 555px) 100vw, 555px\" alt=\"\" title=\"au\" width=\"555\" height=\"370\"  \/><\/a><\/p>\n\t\t\t<\/div>\n\n\t\t\n\t\t<div class=\"blog-content wf-td\">\n\t\t\t<h3 class=\"entry-title\"><a href=\"https:\/\/www.bds-bayern.de\/bezirkmuenchen\/information-der-vbw\/\" title=\"Information der vbw\" rel=\"bookmark\">Information der vbw<\/a><\/h3>\n\n\t\t\t\n<a href=\"https:\/\/www.bds-bayern.de\/bezirkmuenchen\/information-der-vbw\/\" class=\"details more-link\" aria-label=\"Read more about Information der vbw\">Details<\/a>\n\n\t\t<\/div>\n\n\t<\/article>\n\n<\/div>\n<div class=\"wf-cell\" data-post-id=\"1275\" data-date=\"2024-11-08T09:23:15+01:00\" data-name=\"Eine Chance f\u00fcr die Wirtschaft: BDS Bayern fordert Neustart durch Neuwahlen\">\n\t<article class=\"post post-1275 type-post status-publish format-standard has-post-thumbnail hentry category-hauptgeschaeftsstelle category-politik category-presse-veroeffentlichungen category-pressemeldungen category-8 category-9 category-7 category-5 bg-on description-off\">\n\n\t\t\n\t\t\t<div class=\"blog-media wf-td\">\n\n\t\t\t\t<p><a href=\"https:\/\/www.bds-bayern.de\/bezirkmuenchen\/eine-chance-fuer-die-wirtschaft-bds-bayern-fordert-neustart-durch-neuwahlen\/\" class=\"alignnone rollover layzr-bg\" ><img decoding=\"async\" class=\"preload-me iso-lazy-load aspect\" src=\"data:image\/svg+xml,%3Csvg%20xmlns%3D&#39;http%3A%2F%2Fwww.w3.org%2F2000%2Fsvg&#39;%20viewBox%3D&#39;0%200%20555%20370&#39;%2F%3E\" data-src=\"https:\/\/www.bds-bayern.de\/bezirkmuenchen\/wp-content\/uploads\/sites\/11\/2020\/08\/Seite01-5-555x370.jpg\" data-srcset=\"https:\/\/www.bds-bayern.de\/bezirkmuenchen\/wp-content\/uploads\/sites\/11\/2020\/08\/Seite01-5-555x370.jpg 555w, https:\/\/www.bds-bayern.de\/bezirkmuenchen\/wp-content\/uploads\/sites\/11\/2020\/08\/Seite01-5-1110x740.jpg 1110w\" loading=\"eager\" style=\"--ratio: 555 \/ 370\" sizes=\"(max-width: 555px) 100vw, 555px\" alt=\"\" title=\"Seite01\" width=\"555\" height=\"370\"  \/><\/a><\/p>\n\t\t\t<\/div>\n\n\t\t\n\t\t<div class=\"blog-content wf-td\">\n\t\t\t<h3 class=\"entry-title\"><a href=\"https:\/\/www.bds-bayern.de\/bezirkmuenchen\/eine-chance-fuer-die-wirtschaft-bds-bayern-fordert-neustart-durch-neuwahlen\/\" title=\"Eine Chance f\u00fcr die Wirtschaft: BDS Bayern fordert Neustart durch Neuwahlen\" rel=\"bookmark\">Eine Chance f\u00fcr die Wirtschaft: BDS Bayern fordert Neustart durch Neuwahlen<\/a><\/h3>\n\n\t\t\t\n<a href=\"https:\/\/www.bds-bayern.de\/bezirkmuenchen\/eine-chance-fuer-die-wirtschaft-bds-bayern-fordert-neustart-durch-neuwahlen\/\" class=\"details more-link\" aria-label=\"Read more about Eine Chance f\u00fcr die Wirtschaft: BDS Bayern fordert Neustart durch Neuwahlen\">Details<\/a>\n\n\t\t<\/div>\n\n\t<\/article>\n\n<\/div>\n<div class=\"wf-cell\" data-post-id=\"1273\" data-date=\"2024-10-23T10:47:22+02:00\" data-name=\"Mittelstandsforum und 150-Jahr-Feier des BDS Bayern\">\n\t<article class=\"post post-1273 type-post status-publish format-standard has-post-thumbnail hentry category-hauptgeschaeftsstelle category-muenchen category-politik category-presse-veroeffentlichungen category-pressemeldungen category-8 category-14 category-9 category-7 category-5 bg-on description-off\">\n\n\t\t\n\t\t\t<div class=\"blog-media wf-td\">\n\n\t\t\t\t<p><a href=\"https:\/\/www.bds-bayern.de\/bezirkmuenchen\/mittelstandsforum-und-150-jahr-feier-des-bds-bayern\/\" class=\"alignnone rollover layzr-bg\" ><img decoding=\"async\" class=\"preload-me iso-lazy-load aspect\" src=\"data:image\/svg+xml,%3Csvg%20xmlns%3D&#39;http%3A%2F%2Fwww.w3.org%2F2000%2Fsvg&#39;%20viewBox%3D&#39;0%200%20555%20312&#39;%2F%3E\" data-src=\"https:\/\/www.bds-bayern.de\/bezirkmuenchen\/wp-content\/uploads\/sites\/11\/2025\/01\/Forster_Sehoz_Blumenstrauss-scaled-1-555x312.jpg\" data-srcset=\"https:\/\/www.bds-bayern.de\/bezirkmuenchen\/wp-content\/uploads\/sites\/11\/2025\/01\/Forster_Sehoz_Blumenstrauss-scaled-1-555x312.jpg 555w, https:\/\/www.bds-bayern.de\/bezirkmuenchen\/wp-content\/uploads\/sites\/11\/2025\/01\/Forster_Sehoz_Blumenstrauss-scaled-1-1110x624.jpg 1110w\" loading=\"eager\" style=\"--ratio: 555 \/ 312\" sizes=\"(max-width: 555px) 100vw, 555px\" alt=\"\" title=\"Forster_Sehoz_Blumenstrau\u00df\" width=\"555\" height=\"312\"  \/><\/a><\/p>\n\t\t\t<\/div>\n\n\t\t\n\t\t<div class=\"blog-content wf-td\">\n\t\t\t<h3 class=\"entry-title\"><a href=\"https:\/\/www.bds-bayern.de\/bezirkmuenchen\/mittelstandsforum-und-150-jahr-feier-des-bds-bayern\/\" title=\"Mittelstandsforum und 150-Jahr-Feier des BDS Bayern\" rel=\"bookmark\">Mittelstandsforum und 150-Jahr-Feier des BDS Bayern<\/a><\/h3>\n\n\t\t\t\n<a href=\"https:\/\/www.bds-bayern.de\/bezirkmuenchen\/mittelstandsforum-und-150-jahr-feier-des-bds-bayern\/\" class=\"details more-link\" aria-label=\"Read more about Mittelstandsforum und 150-Jahr-Feier des BDS Bayern\">Details<\/a>\n\n\t\t<\/div>\n\n\t<\/article>\n\n<\/div>\n<div class=\"wf-cell\" data-post-id=\"1272\" data-date=\"2024-10-09T17:42:52+02:00\" data-name=\"Schon wieder Rezession! Und jetzt?\">\n\t<article class=\"post post-1272 type-post status-publish format-standard has-post-thumbnail hentry category-hauptgeschaeftsstelle category-politik category-presse-veroeffentlichungen category-pressemeldungen category-8 category-9 category-7 category-5 bg-on description-off\">\n\n\t\t\n\t\t\t<div class=\"blog-media wf-td\">\n\n\t\t\t\t<p><a href=\"https:\/\/www.bds-bayern.de\/bezirkmuenchen\/schon-wieder-rezession-und-jetzt\/\" class=\"alignnone rollover layzr-bg\" ><img decoding=\"async\" class=\"preload-me iso-lazy-load aspect\" src=\"data:image\/svg+xml,%3Csvg%20xmlns%3D&#39;http%3A%2F%2Fwww.w3.org%2F2000%2Fsvg&#39;%20viewBox%3D&#39;0%200%20555%20370&#39;%2F%3E\" data-src=\"https:\/\/www.bds-bayern.de\/bezirkmuenchen\/wp-content\/uploads\/sites\/11\/2020\/08\/Seite01-5-555x370.jpg\" data-srcset=\"https:\/\/www.bds-bayern.de\/bezirkmuenchen\/wp-content\/uploads\/sites\/11\/2020\/08\/Seite01-5-555x370.jpg 555w, https:\/\/www.bds-bayern.de\/bezirkmuenchen\/wp-content\/uploads\/sites\/11\/2020\/08\/Seite01-5-1110x740.jpg 1110w\" loading=\"eager\" style=\"--ratio: 555 \/ 370\" sizes=\"(max-width: 555px) 100vw, 555px\" alt=\"\" title=\"Seite01\" width=\"555\" height=\"370\"  \/><\/a><\/p>\n\t\t\t<\/div>\n\n\t\t\n\t\t<div class=\"blog-content wf-td\">\n\t\t\t<h3 class=\"entry-title\"><a href=\"https:\/\/www.bds-bayern.de\/bezirkmuenchen\/schon-wieder-rezession-und-jetzt\/\" title=\"Schon wieder Rezession! Und jetzt?\" rel=\"bookmark\">Schon wieder Rezession! Und jetzt?<\/a><\/h3>\n\n\t\t\t\n<a href=\"https:\/\/www.bds-bayern.de\/bezirkmuenchen\/schon-wieder-rezession-und-jetzt\/\" class=\"details more-link\" aria-label=\"Read more about Schon wieder Rezession! Und jetzt?\">Details<\/a>\n\n\t\t<\/div>\n\n\t<\/article>\n\n<\/div>\n<div class=\"wf-cell\" data-post-id=\"1270\" data-date=\"2024-09-12T13:34:18+02:00\" data-name=\"BDS Stimmungstest:  Immer noch Mangelhaft (4,98)!\">\n\t<article class=\"post post-1270 type-post status-publish format-standard has-post-thumbnail hentry category-bezirksverband category-muenchen category-presse-veroeffentlichungen category-16 category-14 category-7 bg-on description-off\">\n\n\t\t\n\t\t\t<div class=\"blog-media wf-td\">\n\n\t\t\t\t<p><a href=\"https:\/\/www.bds-bayern.de\/bezirkmuenchen\/bds-stimmungstest-immer-noch-mangelhaft-498\/\" class=\"alignnone rollover layzr-bg\" ><img decoding=\"async\" class=\"preload-me iso-lazy-load aspect\" src=\"data:image\/svg+xml,%3Csvg%20xmlns%3D&#39;http%3A%2F%2Fwww.w3.org%2F2000%2Fsvg&#39;%20viewBox%3D&#39;0%200%20480%20360&#39;%2F%3E\" data-src=\"https:\/\/www.bds-bayern.de\/bezirkmuenchen\/wp-content\/uploads\/sites\/11\/2025\/01\/Noten-Regierung.png\" data-srcset=\"https:\/\/www.bds-bayern.de\/bezirkmuenchen\/wp-content\/uploads\/sites\/11\/2025\/01\/Noten-Regierung.png 480w\" loading=\"eager\" style=\"--ratio: 480 \/ 360\" sizes=\"(max-width: 480px) 100vw, 480px\" alt=\"\" title=\"Noten Regierung\" width=\"480\" height=\"360\"  \/><\/a><\/p>\n\t\t\t<\/div>\n\n\t\t\n\t\t<div class=\"blog-content wf-td\">\n\t\t\t<h3 class=\"entry-title\"><a href=\"https:\/\/www.bds-bayern.de\/bezirkmuenchen\/bds-stimmungstest-immer-noch-mangelhaft-498\/\" title=\"BDS Stimmungstest:  Immer noch Mangelhaft (4,98)!\" rel=\"bookmark\">BDS Stimmungstest:  Immer noch Mangelhaft (4,98)!<\/a><\/h3>\n\n\t\t\t\n<a href=\"https:\/\/www.bds-bayern.de\/bezirkmuenchen\/bds-stimmungstest-immer-noch-mangelhaft-498\/\" class=\"details more-link\" aria-label=\"Read more about BDS Stimmungstest:  Immer noch Mangelhaft (4,98)!\">Details<\/a>\n\n\t\t<\/div>\n\n\t<\/article>\n\n<\/div>\n<div class=\"wf-cell\" data-post-id=\"1268\" data-date=\"2024-08-29T17:34:50+02:00\" data-name=\"BDS Stimmungstest:  \u00dcber 85% unzufrieden: Bundesregierung verliert weiterhin Zustimmung der Unternehmer\">\n\t<article class=\"post post-1268 type-post status-publish format-standard has-post-thumbnail hentry category-bezirksverband category-muenchen category-presse-veroeffentlichungen category-16 category-14 category-7 bg-on description-off\">\n\n\t\t\n\t\t\t<div class=\"blog-media wf-td\">\n\n\t\t\t\t<p><a href=\"https:\/\/www.bds-bayern.de\/bezirkmuenchen\/bds-stimmungstest-ueber-85-unzufrieden-bundesregierung-verliert-weiterhin-zustimmung-der-unternehmer\/\" class=\"alignnone rollover layzr-bg\" ><img decoding=\"async\" class=\"preload-me iso-lazy-load aspect\" src=\"data:image\/svg+xml,%3Csvg%20xmlns%3D&#39;http%3A%2F%2Fwww.w3.org%2F2000%2Fsvg&#39;%20viewBox%3D&#39;0%200%20555%20444&#39;%2F%3E\" data-src=\"https:\/\/www.bds-bayern.de\/bezirkmuenchen\/wp-content\/uploads\/sites\/11\/2025\/01\/BDS-Rahmen-Stimmungstest-Parteien-Sommer-2024-555x444.png\" data-srcset=\"https:\/\/www.bds-bayern.de\/bezirkmuenchen\/wp-content\/uploads\/sites\/11\/2025\/01\/BDS-Rahmen-Stimmungstest-Parteien-Sommer-2024-555x444.png 555w, https:\/\/www.bds-bayern.de\/bezirkmuenchen\/wp-content\/uploads\/sites\/11\/2025\/01\/BDS-Rahmen-Stimmungstest-Parteien-Sommer-2024-1110x888.png 1110w\" loading=\"eager\" style=\"--ratio: 555 \/ 444\" sizes=\"(max-width: 555px) 100vw, 555px\" alt=\"\" title=\"BDS Rahmen Stimmungstest Parteien Sommer 2024\" width=\"555\" height=\"444\"  \/><\/a><\/p>\n\t\t\t<\/div>\n\n\t\t\n\t\t<div class=\"blog-content wf-td\">\n\t\t\t<h3 class=\"entry-title\"><a href=\"https:\/\/www.bds-bayern.de\/bezirkmuenchen\/bds-stimmungstest-ueber-85-unzufrieden-bundesregierung-verliert-weiterhin-zustimmung-der-unternehmer\/\" title=\"BDS Stimmungstest:  \u00dcber 85% unzufrieden: Bundesregierung verliert weiterhin Zustimmung der Unternehmer\" rel=\"bookmark\">BDS Stimmungstest:  \u00dcber 85% unzufrieden: Bundesregierung verliert weiterhin Zustimmung der Unternehmer<\/a><\/h3>\n\n\t\t\t\n<a href=\"https:\/\/www.bds-bayern.de\/bezirkmuenchen\/bds-stimmungstest-ueber-85-unzufrieden-bundesregierung-verliert-weiterhin-zustimmung-der-unternehmer\/\" class=\"details more-link\" aria-label=\"Read more about BDS Stimmungstest:  \u00dcber 85% unzufrieden: Bundesregierung verliert weiterhin Zustimmung der Unternehmer\">Details<\/a>\n\n\t\t<\/div>\n\n\t<\/article>\n\n<\/div><\/div><\/div>[\/vc_column_inner][\/vc_row_inner][\/vc_column][\/vc_row]<\/p>\n<\/div>","protected":false},"excerpt":{"rendered":"<p>[vc_row full_width=&#8220;stretch_row&#8220; content_placement=&#8220;middle&#8220; bg_type=&#8220;bg_color&#8220; bg_color_value=&#8220;#0072b5&#8243;][vc_column][vc_column_text] Herzlich Willkommen &#8211; Sehen Sie hier unsere Top News und Veranstaltungen! [\/vc_column_text][vc_row_inner][vc_column_inner][vc_empty_space][\/vc_column_inner][\/vc_row_inner][vc_row_inner][vc_column_inner width=&#8220;1\/2&#8243;][vc_column_text] Profitieren Sie von den Vorteilen! [\/vc_column_text][vc_btn title=&#8220;Mitglied werden&#8220; style=&#8220;outline&#8220; color=&#8220;white&#8220; size=&#8220;lg&#8220; align=&#8220;center&#8220; i_icon_fontawesome=&#8220;fas fa-users&#8220; add_icon=&#8220;true&#8220; link=&#8220;url:https%3A%2F%2Fwww.bds-bayern.de%2Fbds-bayern%2Fmitglied-werden%2F||target:%20_blank|&#8220;][\/vc_column_inner][vc_column_inner width=&#8220;1\/2&#8243;][vc_column_text] Lernen Sie uns vor Ort kennen! [\/vc_column_text][vc_btn title=&#8220;Veranstaltungen&#8220; style=&#8220;outline&#8220; color=&#8220;white&#8220; size=&#8220;lg&#8220; align=&#8220;center&#8220; i_icon_fontawesome=&#8220;far fa-calendar&#8220; add_icon=&#8220;true&#8220; link=&#8220;url:https%3A%2F%2Fwww.bds-bayern.de%2Fbezirkmuenchen%2Fveranstaltungen%2F|||&#8220;][\/vc_column_inner][\/vc_row_inner][vc_empty_space][vc_video link=&#8220;https:\/\/youtube.com\/playlist?list=PLNVKm_Gp50aflS0opBzLBESC0ujYWeHwn&#8220; el_width=&#8220;70&#8243; align=&#8220;center&#8220; css_animation=&#8220;bounceIn&#8220;&hellip;<\/p>\n","protected":false},"author":1,"featured_media":0,"parent":0,"menu_order":1,"comment_status":"closed","ping_status":"closed","template":"","meta":{"footnotes":""},"class_list":["post-4","page","type-page","status-publish","hentry","description-off"],"_links":{"self":[{"href":"https:\/\/www.bds-bayern.de\/bezirkmuenchen\/wp-json\/wp\/v2\/pages\/4","targetHints":{"allow":["GET"]}}],"collection":[{"href":"https:\/\/www.bds-bayern.de\/bezirkmuenchen\/wp-json\/wp\/v2\/pages"}],"about":[{"href":"https:\/\/www.bds-bayern.de\/bezirkmuenchen\/wp-json\/wp\/v2\/types\/page"}],"author":[{"embeddable":true,"href":"https:\/\/www.bds-bayern.de\/bezirkmuenchen\/wp-json\/wp\/v2\/users\/1"}],"replies":[{"embeddable":true,"href":"https:\/\/www.bds-bayern.de\/bezirkmuenchen\/wp-json\/wp\/v2\/comments?post=4"}],"version-history":[{"count":145,"href":"https:\/\/www.bds-bayern.de\/bezirkmuenchen\/wp-json\/wp\/v2\/pages\/4\/revisions"}],"predecessor-version":[{"id":1007,"href":"https:\/\/www.bds-bayern.de\/bezirkmuenchen\/wp-json\/wp\/v2\/pages\/4\/revisions\/1007"}],"wp:attachment":[{"href":"https:\/\/www.bds-bayern.de\/bezirkmuenchen\/wp-json\/wp\/v2\/media?parent=4"}],"curies":[{"name":"wp","href":"https:\/\/api.w.org\/{rel}","templated":true}]}}