{"id":4,"date":"2018-09-18T15:24:01","date_gmt":"2018-09-18T13:24:01","guid":{"rendered":"https:\/\/www.bds-bayern.de\/diessen\/startseite\/"},"modified":"2025-01-20T09:45:15","modified_gmt":"2025-01-20T08:45:15","slug":"startseite","status":"publish","type":"page","link":"https:\/\/www.bds-bayern.de\/diessen\/","title":{"rendered":"Startseite"},"content":{"rendered":"<div class=\"wpb-content-wrapper\"><p>[vc_row full_width=&#8220;stretch_row&#8220; content_placement=&#8220;middle&#8220; bg_type=&#8220;bg_color&#8220; bg_color_value=&#8220;#0072b5&#8243;][vc_column][vc_row_inner][vc_column_inner width=&#8220;1\/2&#8243;][vc_column_text]<\/p>\n<h3 style=\"text-align: center;color: #fff\">Profitieren Sie von den Vorteilen!<\/h3>\n<p>[\/vc_column_text][vc_btn title=&#8220;Mitglied werden&#8220; style=&#8220;outline&#8220; color=&#8220;white&#8220; size=&#8220;lg&#8220; align=&#8220;center&#8220; i_icon_fontawesome=&#8220;fas fa-users&#8220; add_icon=&#8220;true&#8220; link=&#8220;url:https%3A%2F%2Fwww.bds-bayern.de%2Fbds-bayern%2Fmitglied-werden%2F||target:%20_blank|&#8220;][\/vc_column_inner][vc_column_inner width=&#8220;1\/2&#8243;][vc_column_text]<\/p>\n<h3 style=\"text-align: center;color: #fff\">Lernen Sie uns vor Ort kennen!<\/h3>\n<p>[\/vc_column_text][vc_btn title=&#8220;Veranstaltungen&#8220; style=&#8220;outline&#8220; color=&#8220;white&#8220; size=&#8220;lg&#8220; align=&#8220;center&#8220; i_icon_fontawesome=&#8220;far fa-calendar&#8220; add_icon=&#8220;true&#8220; link=&#8220;url:https%3A%2F%2Fwww.bds-bayern.de%2Fdiessen%2Fveranstaltungen%2F&#8220;][\/vc_column_inner][\/vc_row_inner][\/vc_column][\/vc_row][vc_row][vc_column][vc_column_text]<\/p>\n<h1>Willkommen beim Gewerbeverband Die\u00dfen<\/h1>\n<p>[\/vc_column_text][\/vc_column][\/vc_row][vc_row][vc_column width=&#8220;1\/2&#8243;][vc_single_image image=&#8220;819&#8243; css=&#8220;&#8220;][\/vc_column][vc_column width=&#8220;1\/2&#8243;][vc_column_text css=&#8220;&#8220;]<strong>Der Gewerbeverband Die\u00dfen ist Ihr Ansprechpartner und Ihre Vertretung in den politischen Gremien der Gemeinde und im Landkreis, als Unternehmer oder Einzelselbstst\u00e4ndiger, als Gewerbetreibender oder Gastronom.<\/strong><\/p>\n<p><strong>Werden Sie als Unternehmer in Die\u00dfen Mitglied in einer starken Gemeinschaft und gestalten Sie aktiv das gesellschaftliche Leben in Die\u00dfen!<\/strong><\/p>\n<p><strong>Wir freuen uns auf Sie!<\/strong>[\/vc_column_text][\/vc_column][\/vc_row][vc_row][vc_column][vc_column_text]<\/p>\n<h1>Aktuelle Meldungen<\/h1>\n<p>[\/vc_column_text][vc_row_inner][vc_column_inner]<div class=\"dt-shortcode with-isotope\"><div class=\"wf-container dt-blog-shortcode vertical-fancy-style loading-effect-fade-in iso-grid bg-under-post description-under-image content-align-left\" data-padding=\"20px\" data-cur-page=\"1\" data-posts-per-page=\"-1\" data-width=\"370px\" data-columns=\"3\">\n<div class=\"wf-cell\" data-post-id=\"932\" data-date=\"2025-11-23T07:28:56+01:00\" data-name=\"Die\u00dfen leuchtet! Am 27.11.2025!\">\n\t<article class=\"post post-932 type-post status-publish format-standard has-post-thumbnail hentry category-allgemein category-1 bg-on description-off\">\n\n\t\t\n\t\t\t<div class=\"blog-media wf-td\">\n\n\t\t\t\t<p><a href=\"https:\/\/www.bds-bayern.de\/diessen\/diessen-leuchtet-am-27-11-2025\/\" class=\"alignnone rollover layzr-bg\" ><img fetchpriority=\"high\" decoding=\"async\" class=\"preload-me iso-lazy-load aspect\" src=\"data:image\/svg+xml,%3Csvg%20xmlns%3D&#39;http%3A%2F%2Fwww.w3.org%2F2000%2Fsvg&#39;%20viewBox%3D&#39;0%200%20555%20278&#39;%2F%3E\" data-src=\"https:\/\/www.bds-bayern.de\/diessen\/wp-content\/uploads\/sites\/54\/2025\/01\/DL25_2-555x278.jpeg\" data-srcset=\"https:\/\/www.bds-bayern.de\/diessen\/wp-content\/uploads\/sites\/54\/2025\/01\/DL25_2-555x278.jpeg 555w, https:\/\/www.bds-bayern.de\/diessen\/wp-content\/uploads\/sites\/54\/2025\/01\/DL25_2.jpeg 1050w\" loading=\"eager\" style=\"--ratio: 555 \/ 278\" sizes=\"(max-width: 555px) 100vw, 555px\" alt=\"\" title=\"DL25_2\" width=\"555\" height=\"278\"  \/><\/a><\/p>\n\t\t\t<\/div>\n\n\t\t\n\t\t<div class=\"blog-content wf-td\">\n\t\t\t<h3 class=\"entry-title\"><a href=\"https:\/\/www.bds-bayern.de\/diessen\/diessen-leuchtet-am-27-11-2025\/\" title=\"Die\u00dfen leuchtet! Am 27.11.2025!\" rel=\"bookmark\">Die\u00dfen leuchtet! Am 27.11.2025!<\/a><\/h3>\n\n\t\t\t\n<a href=\"https:\/\/www.bds-bayern.de\/diessen\/diessen-leuchtet-am-27-11-2025\/\" class=\"details more-link\" aria-label=\"Read more about Die\u00dfen leuchtet! Am 27.11.2025!\">Details<\/a>\n\n\t\t<\/div>\n\n\t<\/article>\n\n<\/div>\n<div class=\"wf-cell\" data-post-id=\"925\" data-date=\"2025-07-02T15:07:23+02:00\" data-name=\"BDS-Verbandstagung 27. &amp; 28.06.2025: Zusammenwachsen \u2013 Zusammen wachsen\">\n\t<article class=\"post post-925 type-post status-publish format-standard has-post-thumbnail hentry category-allgemein category-bds-intern category-news category-1 category-24 category-13 bg-on description-off\">\n\n\t\t\n\t\t\t<div class=\"blog-media wf-td\">\n\n\t\t\t\t<p><a href=\"https:\/\/www.bds-bayern.de\/diessen\/bds-verbandstagung-27-28-06-2025-zusammenwachsen-zusammen-wachsen\/\" class=\"alignnone rollover layzr-bg\" ><img decoding=\"async\" class=\"preload-me iso-lazy-load aspect\" src=\"data:image\/svg+xml,%3Csvg%20xmlns%3D&#39;http%3A%2F%2Fwww.w3.org%2F2000%2Fsvg&#39;%20viewBox%3D&#39;0%200%20555%20370&#39;%2F%3E\" data-src=\"https:\/\/www.bds-bayern.de\/diessen\/wp-content\/uploads\/sites\/54\/2025\/07\/BDS-Verbandstagung-555x370.webp\" data-srcset=\"https:\/\/www.bds-bayern.de\/diessen\/wp-content\/uploads\/sites\/54\/2025\/07\/BDS-Verbandstagung-555x370.webp 555w, https:\/\/www.bds-bayern.de\/diessen\/wp-content\/uploads\/sites\/54\/2025\/07\/BDS-Verbandstagung.webp 799w\" loading=\"eager\" style=\"--ratio: 555 \/ 370\" sizes=\"(max-width: 555px) 100vw, 555px\" alt=\"\" title=\"BDS-Verbandstagung\" width=\"555\" height=\"370\"  \/><\/a><\/p>\n\t\t\t<\/div>\n\n\t\t\n\t\t<div class=\"blog-content wf-td\">\n\t\t\t<h3 class=\"entry-title\"><a href=\"https:\/\/www.bds-bayern.de\/diessen\/bds-verbandstagung-27-28-06-2025-zusammenwachsen-zusammen-wachsen\/\" title=\"BDS-Verbandstagung 27. &#038; 28.06.2025: Zusammenwachsen \u2013 Zusammen wachsen\" rel=\"bookmark\">BDS-Verbandstagung 27. &#038; 28.06.2025: Zusammenwachsen \u2013 Zusammen wachsen<\/a><\/h3>\n\n\t\t\t\n<a href=\"https:\/\/www.bds-bayern.de\/diessen\/bds-verbandstagung-27-28-06-2025-zusammenwachsen-zusammen-wachsen\/\" class=\"details more-link\" aria-label=\"Read more about BDS-Verbandstagung 27. &#038; 28.06.2025: Zusammenwachsen \u2013 Zusammen wachsen\">Details<\/a>\n\n\t\t<\/div>\n\n\t<\/article>\n\n<\/div>\n<div class=\"wf-cell\" data-post-id=\"920\" data-date=\"2025-04-26T16:19:29+02:00\" data-name=\"Herzlich willkommen beim 3. Die\u00dfener Fr\u00fchlingsmarkt!\">\n\t<article class=\"post post-920 type-post status-publish format-standard has-post-thumbnail hentry category-allgemein category-1 bg-on description-off\">\n\n\t\t\n\t\t\t<div class=\"blog-media wf-td\">\n\n\t\t\t\t<p><a href=\"https:\/\/www.bds-bayern.de\/diessen\/herzlich-willkommen-beim-3-diessener-fruehlingsmarkt\/\" class=\"alignnone rollover layzr-bg\" ><img decoding=\"async\" class=\"preload-me iso-lazy-load aspect\" src=\"data:image\/svg+xml,%3Csvg%20xmlns%3D&#39;http%3A%2F%2Fwww.w3.org%2F2000%2Fsvg&#39;%20viewBox%3D&#39;0%200%20555%20290&#39;%2F%3E\" data-src=\"https:\/\/www.bds-bayern.de\/diessen\/wp-content\/uploads\/sites\/54\/2025\/04\/FM_2025-555x290.jpg\" data-srcset=\"https:\/\/www.bds-bayern.de\/diessen\/wp-content\/uploads\/sites\/54\/2025\/04\/FM_2025-555x290.jpg 555w, https:\/\/www.bds-bayern.de\/diessen\/wp-content\/uploads\/sites\/54\/2025\/04\/FM_2025-1110x580.jpg 1110w\" loading=\"eager\" style=\"--ratio: 555 \/ 290\" sizes=\"(max-width: 555px) 100vw, 555px\" alt=\"\" title=\"FM_2025\" width=\"555\" height=\"290\"  \/><\/a><\/p>\n\t\t\t<\/div>\n\n\t\t\n\t\t<div class=\"blog-content wf-td\">\n\t\t\t<h3 class=\"entry-title\"><a href=\"https:\/\/www.bds-bayern.de\/diessen\/herzlich-willkommen-beim-3-diessener-fruehlingsmarkt\/\" title=\"Herzlich willkommen beim 3. Die\u00dfener Fr\u00fchlingsmarkt!\" rel=\"bookmark\">Herzlich willkommen beim 3. Die\u00dfener Fr\u00fchlingsmarkt!<\/a><\/h3>\n\n\t\t\t\n<a href=\"https:\/\/www.bds-bayern.de\/diessen\/herzlich-willkommen-beim-3-diessener-fruehlingsmarkt\/\" class=\"details more-link\" aria-label=\"Read more about Herzlich willkommen beim 3. Die\u00dfener Fr\u00fchlingsmarkt!\">Details<\/a>\n\n\t\t<\/div>\n\n\t<\/article>\n\n<\/div>\n<div class=\"wf-cell\" data-post-id=\"924\" data-date=\"2025-04-09T10:19:19+02:00\" data-name=\"KoalitionDesTuns - Neue Bundesregierung mit wichtigen Impulsen f\u00fcr den Mittelstand \u2013 entscheidend ist nun die Umsetzung\">\n\t<article class=\"post post-924 type-post status-publish format-standard has-post-thumbnail hentry category-hauptgeschaeftsstelle category-politik category-presse-veroeffentlichungen category-pressemeldungen category-8 category-9 category-7 category-5 bg-on description-off\">\n\n\t\t\n\t\t\t<div class=\"blog-media wf-td\">\n\n\t\t\t\t<p><a href=\"https:\/\/www.bds-bayern.de\/diessen\/koalitiondestuns-neue-bundesregierung-mit-wichtigen-impulsen-fuer-den-mittelstand-entscheidend-ist-nun-die-umsetzung\/\" class=\"alignnone rollover layzr-bg\" ><img decoding=\"async\" class=\"preload-me iso-lazy-load aspect\" src=\"data:image\/svg+xml,%3Csvg%20xmlns%3D&#39;http%3A%2F%2Fwww.w3.org%2F2000%2Fsvg&#39;%20viewBox%3D&#39;0%200%20555%20370&#39;%2F%3E\" data-src=\"https:\/\/www.bds-bayern.de\/diessen\/wp-content\/uploads\/sites\/54\/2020\/08\/Seite01-5-555x370.jpg\" data-srcset=\"https:\/\/www.bds-bayern.de\/diessen\/wp-content\/uploads\/sites\/54\/2020\/08\/Seite01-5-555x370.jpg 555w, https:\/\/www.bds-bayern.de\/diessen\/wp-content\/uploads\/sites\/54\/2020\/08\/Seite01-5-1110x740.jpg 1110w\" loading=\"eager\" style=\"--ratio: 555 \/ 370\" sizes=\"(max-width: 555px) 100vw, 555px\" alt=\"\" title=\"Seite01\" width=\"555\" height=\"370\"  \/><\/a><\/p>\n\t\t\t<\/div>\n\n\t\t\n\t\t<div class=\"blog-content wf-td\">\n\t\t\t<h3 class=\"entry-title\"><a href=\"https:\/\/www.bds-bayern.de\/diessen\/koalitiondestuns-neue-bundesregierung-mit-wichtigen-impulsen-fuer-den-mittelstand-entscheidend-ist-nun-die-umsetzung\/\" title=\"KoalitionDesTuns &#8211; Neue Bundesregierung mit wichtigen Impulsen f\u00fcr den Mittelstand \u2013 entscheidend ist nun die Umsetzung\" rel=\"bookmark\">KoalitionDesTuns &#8211; Neue Bundesregierung mit wichtigen Impulsen f\u00fcr den Mittelstand \u2013 entscheidend ist nun die Umsetzung<\/a><\/h3>\n\n\t\t\t\n<a href=\"https:\/\/www.bds-bayern.de\/diessen\/koalitiondestuns-neue-bundesregierung-mit-wichtigen-impulsen-fuer-den-mittelstand-entscheidend-ist-nun-die-umsetzung\/\" class=\"details more-link\" aria-label=\"Read more about KoalitionDesTuns &#8211; Neue Bundesregierung mit wichtigen Impulsen f\u00fcr den Mittelstand \u2013 entscheidend ist nun die Umsetzung\">Details<\/a>\n\n\t\t<\/div>\n\n\t<\/article>\n\n<\/div>\n<div class=\"wf-cell\" data-post-id=\"917\" data-date=\"2025-03-28T14:11:08+01:00\" data-name=\"B\u00fcrokratie-Frust? Der Bund der Selbst\u00e4ndigen h\u00f6rt zu!\">\n\t<article class=\"post post-917 type-post status-publish format-standard has-post-thumbnail hentry category-allgemein category-1 bg-on description-off\">\n\n\t\t\n\t\t\t<div class=\"blog-media wf-td\">\n\n\t\t\t\t<p><a href=\"https:\/\/www.bds-bayern.de\/diessen\/buerokratie-frust-der-bund-der-selbstaendigen-hoert-zu\/\" class=\"alignnone rollover layzr-bg\" ><img decoding=\"async\" class=\"preload-me iso-lazy-load aspect\" src=\"data:image\/svg+xml,%3Csvg%20xmlns%3D&#39;http%3A%2F%2Fwww.w3.org%2F2000%2Fsvg&#39;%20viewBox%3D&#39;0%200%20555%20370&#39;%2F%3E\" data-src=\"https:\/\/www.bds-bayern.de\/diessen\/wp-content\/uploads\/sites\/54\/2025\/03\/kummerkasten-aktuelles-555x370.jpg\" data-srcset=\"https:\/\/www.bds-bayern.de\/diessen\/wp-content\/uploads\/sites\/54\/2025\/03\/kummerkasten-aktuelles-555x370.jpg 555w, https:\/\/www.bds-bayern.de\/diessen\/wp-content\/uploads\/sites\/54\/2025\/03\/kummerkasten-aktuelles.jpg 649w\" loading=\"eager\" style=\"--ratio: 555 \/ 370\" sizes=\"(max-width: 555px) 100vw, 555px\" alt=\"\" title=\"kummerkasten-aktuelles\" width=\"555\" height=\"370\"  \/><\/a><\/p>\n\t\t\t<\/div>\n\n\t\t\n\t\t<div class=\"blog-content wf-td\">\n\t\t\t<h3 class=\"entry-title\"><a href=\"https:\/\/www.bds-bayern.de\/diessen\/buerokratie-frust-der-bund-der-selbstaendigen-hoert-zu\/\" title=\"B\u00fcrokratie-Frust? Der Bund der Selbst\u00e4ndigen h\u00f6rt zu!\" rel=\"bookmark\">B\u00fcrokratie-Frust? Der Bund der Selbst\u00e4ndigen h\u00f6rt zu!<\/a><\/h3>\n\n\t\t\t\n<a href=\"https:\/\/www.bds-bayern.de\/diessen\/buerokratie-frust-der-bund-der-selbstaendigen-hoert-zu\/\" class=\"details more-link\" aria-label=\"Read more about B\u00fcrokratie-Frust? Der Bund der Selbst\u00e4ndigen h\u00f6rt zu!\">Details<\/a>\n\n\t\t<\/div>\n\n\t<\/article>\n\n<\/div>\n<div class=\"wf-cell\" data-post-id=\"910\" data-date=\"2025-03-28T00:35:57+01:00\" data-name=\"Fr\u00fchling wirds! Zeit f\u00fcr den 3. Die\u00dfener Fr\u00fchlingsmarkt!\">\n\t<article class=\"post post-910 type-post status-publish format-standard has-post-thumbnail hentry category-allgemein category-1 bg-on description-off\">\n\n\t\t\n\t\t\t<div class=\"blog-media wf-td\">\n\n\t\t\t\t<p><a href=\"https:\/\/www.bds-bayern.de\/diessen\/fruehling-wirds-zeit-fuer-den-3-diessener-fruehlingsmarkt\/\" class=\"alignnone rollover layzr-bg\" ><img decoding=\"async\" class=\"preload-me iso-lazy-load aspect\" src=\"data:image\/svg+xml,%3Csvg%20xmlns%3D&#39;http%3A%2F%2Fwww.w3.org%2F2000%2Fsvg&#39;%20viewBox%3D&#39;0%200%20555%20785&#39;%2F%3E\" data-src=\"https:\/\/www.bds-bayern.de\/diessen\/wp-content\/uploads\/sites\/54\/2025\/01\/2025_Fruehlingsmarkt_A3-555x785.png\" data-srcset=\"https:\/\/www.bds-bayern.de\/diessen\/wp-content\/uploads\/sites\/54\/2025\/01\/2025_Fruehlingsmarkt_A3-555x785.png 555w, https:\/\/www.bds-bayern.de\/diessen\/wp-content\/uploads\/sites\/54\/2025\/01\/2025_Fruehlingsmarkt_A3-1110x1570.png 1110w\" loading=\"eager\" style=\"--ratio: 555 \/ 785\" sizes=\"(max-width: 555px) 100vw, 555px\" alt=\"\" title=\"2025_Fr\u00fchlingsmarkt_A3\" width=\"555\" height=\"785\"  \/><\/a><\/p>\n\t\t\t<\/div>\n\n\t\t\n\t\t<div class=\"blog-content wf-td\">\n\t\t\t<h3 class=\"entry-title\"><a href=\"https:\/\/www.bds-bayern.de\/diessen\/fruehling-wirds-zeit-fuer-den-3-diessener-fruehlingsmarkt\/\" title=\"Fr\u00fchling wirds! Zeit f\u00fcr den 3. Die\u00dfener Fr\u00fchlingsmarkt!\" rel=\"bookmark\">Fr\u00fchling wirds! Zeit f\u00fcr den 3. Die\u00dfener Fr\u00fchlingsmarkt!<\/a><\/h3>\n\n\t\t\t\n<a href=\"https:\/\/www.bds-bayern.de\/diessen\/fruehling-wirds-zeit-fuer-den-3-diessener-fruehlingsmarkt\/\" class=\"details more-link\" aria-label=\"Read more about Fr\u00fchling wirds! Zeit f\u00fcr den 3. Die\u00dfener Fr\u00fchlingsmarkt!\">Details<\/a>\n\n\t\t<\/div>\n\n\t<\/article>\n\n<\/div><\/div><\/div>[\/vc_column_inner][\/vc_row_inner][\/vc_column][\/vc_row]<\/p>\n<\/div>","protected":false},"excerpt":{"rendered":"<p>[vc_row full_width=&#8220;stretch_row&#8220; content_placement=&#8220;middle&#8220; bg_type=&#8220;bg_color&#8220; bg_color_value=&#8220;#0072b5&#8243;][vc_column][vc_row_inner][vc_column_inner width=&#8220;1\/2&#8243;][vc_column_text] Profitieren Sie von den Vorteilen! [\/vc_column_text][vc_btn title=&#8220;Mitglied werden&#8220; style=&#8220;outline&#8220; color=&#8220;white&#8220; size=&#8220;lg&#8220; align=&#8220;center&#8220; i_icon_fontawesome=&#8220;fas fa-users&#8220; add_icon=&#8220;true&#8220; link=&#8220;url:https%3A%2F%2Fwww.bds-bayern.de%2Fbds-bayern%2Fmitglied-werden%2F||target:%20_blank|&#8220;][\/vc_column_inner][vc_column_inner width=&#8220;1\/2&#8243;][vc_column_text] Lernen Sie uns vor Ort kennen! [\/vc_column_text][vc_btn title=&#8220;Veranstaltungen&#8220; style=&#8220;outline&#8220; color=&#8220;white&#8220; size=&#8220;lg&#8220; align=&#8220;center&#8220; i_icon_fontawesome=&#8220;far fa-calendar&#8220; add_icon=&#8220;true&#8220; link=&#8220;url:https%3A%2F%2Fwww.bds-bayern.de%2Fdiessen%2Fveranstaltungen%2F&#8220;][\/vc_column_inner][\/vc_row_inner][\/vc_column][\/vc_row][vc_row][vc_column][vc_column_text] Willkommen beim Gewerbeverband Die\u00dfen [\/vc_column_text][\/vc_column][\/vc_row][vc_row][vc_column width=&#8220;1\/2&#8243;][vc_single_image image=&#8220;819&#8243; css=&#8220;&#8220;][\/vc_column][vc_column width=&#8220;1\/2&#8243;][vc_column_text css=&#8220;&#8220;]Der Gewerbeverband Die\u00dfen ist Ihr Ansprechpartner und&hellip;<\/p>\n","protected":false},"author":1,"featured_media":0,"parent":0,"menu_order":1,"comment_status":"closed","ping_status":"closed","template":"","meta":{"footnotes":""},"class_list":["post-4","page","type-page","status-publish","hentry","description-off"],"_links":{"self":[{"href":"https:\/\/www.bds-bayern.de\/diessen\/wp-json\/wp\/v2\/pages\/4","targetHints":{"allow":["GET"]}}],"collection":[{"href":"https:\/\/www.bds-bayern.de\/diessen\/wp-json\/wp\/v2\/pages"}],"about":[{"href":"https:\/\/www.bds-bayern.de\/diessen\/wp-json\/wp\/v2\/types\/page"}],"author":[{"embeddable":true,"href":"https:\/\/www.bds-bayern.de\/diessen\/wp-json\/wp\/v2\/users\/1"}],"replies":[{"embeddable":true,"href":"https:\/\/www.bds-bayern.de\/diessen\/wp-json\/wp\/v2\/comments?post=4"}],"version-history":[{"count":54,"href":"https:\/\/www.bds-bayern.de\/diessen\/wp-json\/wp\/v2\/pages\/4\/revisions"}],"predecessor-version":[{"id":901,"href":"https:\/\/www.bds-bayern.de\/diessen\/wp-json\/wp\/v2\/pages\/4\/revisions\/901"}],"wp:attachment":[{"href":"https:\/\/www.bds-bayern.de\/diessen\/wp-json\/wp\/v2\/media?parent=4"}],"curies":[{"name":"wp","href":"https:\/\/api.w.org\/{rel}","templated":true}]}}